{"id":3141,"date":"2025-01-29T07:46:39","date_gmt":"2025-01-29T07:46:39","guid":{"rendered":"https:\/\/uszatek.waw.pl\/?page_id=3141"},"modified":"2025-01-29T07:46:39","modified_gmt":"2025-01-29T07:46:39","slug":"harmonogram-rekrutacji","status":"publish","type":"page","link":"https:\/\/uszatek.waw.pl\/?page_id=3141","title":{"rendered":"Harmonogram rekrutacji"},"content":{"rendered":"<p><strong>Kontynuacja edukacji przedszkolnej<\/strong><\/p>\n<p><strong>Od 25 lutego&nbsp;do 3 marca godz. 16.00<\/strong><\/p>\n<p>Rodzice dzieci, kt\u00f3re ucz\u0119szczaj\u0105 do przedszkola sk\u0142adaj\u0105 deklaracj\u0119 o kontynuowaniu wychowania przedszkolnego&nbsp;w kolejnym roku szkolnym.<\/p>\n<p>&nbsp;<\/p>\n<p><strong>Post\u0119powanie rekrutacyjne do przedszkoli i oddzia\u0142\u00f3w przedszkolnych w szko\u0142ach podstawowych<\/strong><\/p>\n<p><strong>Od 4 marca, od godz. 13.00<\/strong><\/p>\n<p>Udost\u0119pnienie w systemie rekrutacyjnym oferty przedszkoli i szk\u00f3\u0142 podstawowych.<\/p>\n<p><strong>Od 4 marca, od godz. 13.00&nbsp;do&nbsp;20 marca, do godz. 20.00<\/strong><\/p>\n<p>Rodzice wype\u0142niaj\u0105 i zapisuj\u0105 w systemie wniosek o przyj\u0119cie dziecka. Po zako\u0144czeniu etapu rejestracji nie b\u0119dzie mo\u017cliwa edycja wniosku.<\/p>\n<p><strong>Od 4 marca, od godz. 13.00&nbsp;do&nbsp;21 marca, do godz. 16.00<\/strong><\/p>\n<p>Rodzice sk\u0142adaj\u0105 w przedszkolu\/szkole pierwszego wyboru wniosek o przyj\u0119cie dziecka. Do\u0142\u0105czaj\u0105 do niego dokumenty, kt\u00f3re potwierdzaj\u0105 spe\u0142nianie kryteri\u00f3w branych pod uwag\u0119 w post\u0119powaniu rekrutacyjnym.<\/p>\n<p>Wszystkie te dokumenty mo\u017cna z\u0142o\u017cy\u0107:<\/p>\n<p>\u2022&nbsp;&nbsp;&nbsp;&nbsp;&nbsp;&nbsp;&nbsp;&nbsp;&nbsp;&nbsp;&nbsp; podpisane profilem zaufanym przez elektroniczny system rekrutacji,<\/p>\n<p>lub<\/p>\n<p>\u2022&nbsp;&nbsp;&nbsp;&nbsp;&nbsp;&nbsp;&nbsp;&nbsp;&nbsp;&nbsp;&nbsp; wersj\u0119 papierow\u0105 bezpo\u015brednio w przedszkolu\/szkole pierwszego wyboru.<\/p>\n<p>&nbsp;[!] Je\u015bli dziecko ma orzeczenie o potrzebie kszta\u0142cenia specjalnego, wydane ze wzgl\u0119du na niepe\u0142nosprawno\u015b\u0107 \u2013 rodzic sk\u0142ada jego kopi\u0119 w ka\u017cdym przedszkolu\/szkole, kt\u00f3r\u0105 wskaza\u0142 na li\u015bcie preferencji i&nbsp;wybra\u0142 w niej oddzia\u0142y integracyjne. Kopi\u0119 rodzic po\u015bwiadcza za zgodno\u015b\u0107 z orygina\u0142em. &nbsp;<\/p>\n<p>Kopi\u0119 decyzji dyrektora szko\u0142y podstawowej o odroczeniu obowi\u0105zku szkolnego, po\u015bwiadczon\u0105 za zgodno\u015b\u0107 z&nbsp;orygina\u0142em przez rodzica kandydata,&nbsp;nale\u017cy z\u0142o\u017cy\u0107 w przedszkolu\/szkole wskazanej na pierwszej pozycji na li\u015bcie preferencji.<\/p>\n<p><strong>29 kwietnia, od godz. 13.00<\/strong><\/p>\n<p>Publikacja list&nbsp;dzieci zakwalifikowanych i niezakwalifikowanych.<\/p>\n<p><strong>Od 29 kwietnia, od&nbsp;godz. 13.00&nbsp;do&nbsp;7 maja, do godz. 10.00<\/strong><\/p>\n<p>Rodzice potwierdzaj\u0105 wol\u0119 zapisu dziecka do przedszkola\/szko\u0142y, do kt\u00f3rej zosta\u0142o zakwalifikowane.<\/p>\n<p>&nbsp;<\/p>\n<p><strong>8 maja, od godz. 13.00<\/strong><\/p>\n<p>Publikacja list&nbsp;dzieci przyj\u0119tych i nieprzyj\u0119tych.<\/p>\n<p>&nbsp;<\/p>\n<p><strong>Procedura odwo\u0142awcza<\/strong><\/p>\n<p><strong>Od 8 maja do 26 maja<\/strong><\/p>\n<ul>\n<li>Rodzice mog\u0105 wyst\u0105pi\u0107 do komisji rekrutacyjnej z wnioskiem o uzasadnienie odmowy przyj\u0119cia. Maj\u0105 na to 3 dni od dnia opublikowania list przyj\u0119tych i nieprzyj\u0119tych.<\/li>\n<li>Rodzice mog\u0105 odwo\u0142a\u0107 si\u0119 do dyrektora przedszkola\/szko\u0142y od rozstrzygni\u0119cia komisji rekrutacyjnej. Maj\u0105 na to 3 dni od dnia otrzymania uzasadnienia odmowy przyj\u0119cia.<\/li>\n<\/ul>\n<p>&nbsp;<\/p>\n<p><strong>Post\u0119powanie uzupe\u0142niaj\u0105ce do przedszkoli i oddzia\u0142\u00f3w przedszkolnych w szko\u0142ach podstawowych<\/strong><\/p>\n<p><strong>11 czerwca, od godz. 16.00<\/strong><\/p>\n<p>Publikacja w systemie rekrutacyjnym&nbsp;wykazu wolnych miejsc.<\/p>\n<p><strong>Od 11 czerwca, od godz. 16.00&nbsp;do&nbsp;17 czerwca, do godz. 20.00<\/strong><\/p>\n<p>Rodzice wype\u0142niaj\u0105 i zapisuj\u0105 wniosek w systemie. Po zako\u0144czeniu etapu rejestracji nie b\u0119dzie mo\u017cliwa edycja wniosku.<\/p>\n<p><strong>Od 11 czerwca&nbsp;do&nbsp;18 czerwca, do godz. 15.00<\/strong><\/p>\n<p>Rodzice sk\u0142adaj\u0105 w przedszkolu\/szkole pierwszego wyboru wniosek. Do\u0142\u0105czaj\u0105 do niego dokumenty, kt\u00f3re potwierdzaj\u0105 spe\u0142nianie kryteri\u00f3w branych pod uwag\u0119 w post\u0119powaniu rekrutacyjnym.<\/p>\n<p>Wszystkie te dokumenty mo\u017cna z\u0142o\u017cy\u0107:<\/p>\n<p>\u2022&nbsp;&nbsp;&nbsp;&nbsp;&nbsp;&nbsp;&nbsp;&nbsp;&nbsp;&nbsp;&nbsp; podpisane profilem zaufanym przez elektroniczny system rekrutacji<\/p>\n<p>lub<\/p>\n<p>\u2022&nbsp;&nbsp;&nbsp;&nbsp;&nbsp;&nbsp;&nbsp;&nbsp;&nbsp;&nbsp;&nbsp; wersj\u0119 papierow\u0105 bezpo\u015brednio w przedszkolu\/szkole pierwszego wyboru.<\/p>\n<p>&nbsp;[!] Je\u015bli dziecko ma orzeczenie o potrzebie kszta\u0142cenia specjalnego, wydane ze wzgl\u0119du na niepe\u0142nosprawno\u015b\u0107 \u2013 rodzic sk\u0142ada jego kopi\u0119 w ka\u017cdym przedszkolu\/szkole, kt\u00f3r\u0105 wskaza\u0142 na li\u015bcie preferencji i&nbsp;wybra\u0142 w niej oddzia\u0142y integracyjne. Kopi\u0119 rodzic po\u015bwiadcza za zgodno\u015b\u0107 z orygina\u0142em. &nbsp;<\/p>\n<p>Kopi\u0119 decyzji dyrektora szko\u0142y podstawowej o odroczeniu obowi\u0105zku szkolnego, po\u015bwiadczon\u0105 za zgodno\u015b\u0107 z&nbsp;orygina\u0142em przez rodzica kandydata,&nbsp;nale\u017cy z\u0142o\u017cy\u0107 w przedszkolu\/szkole wskazanej na pierwszej pozycji na li\u015bcie preferencji.<\/p>\n<p><strong>1 lipca, od godz. 13.00<\/strong><\/p>\n<p>Publikacja list&nbsp;dzieci zakwalifikowanych i niezakwalifikowanych.<\/p>\n<p><strong>Od 1 lipca, od godz. 13.00&nbsp;do&nbsp;3 lipca, do godz. 10.00<\/strong><\/p>\n<p>Rodzice potwierdzaj\u0105 wol\u0119 zapisu dziecka do przedszkola\/szko\u0142y, do kt\u00f3rej zosta\u0142o zakwalifikowane..<\/p>\n<p>&nbsp;<\/p>\n<p><strong>4 lipca, od godz. 13.00<\/strong><\/p>\n<p>Publikacja list&nbsp;dzieci przyj\u0119tych i nieprzyj\u0119tych.<\/p>\n<p><strong>Od 4 lipca<\/strong><\/p>\n<p>Procedura odwo\u0142awcza.<\/p>\n<p><strong>29 sierpnia<\/strong><\/p>\n<p>Publikacja w systemie rekrutacyjnym&nbsp;wykazu wolnych miejsc.<\/p>\n","protected":false},"excerpt":{"rendered":"<p>Kontynuacja edukacji przedszkolnej Od 25 lutego&nbsp;do 3 marca godz. 16.00 Rodzice dzieci, kt\u00f3re ucz\u0119szczaj\u0105 do przedszkola sk\u0142adaj\u0105 deklaracj\u0119 o kontynuowaniu wychowania przedszkolnego&nbsp;w kolejnym roku szkolnym. &nbsp; Post\u0119powanie rekrutacyjne do przedszkoli i oddzia\u0142\u00f3w przedszkolnych w szko\u0142ach podstawowych Od 4 marca, od godz. 13.00 Udost\u0119pnienie w systemie rekrutacyjnym oferty przedszkoli i szk\u00f3\u0142 [&hellip;]<\/p>\n","protected":false},"author":1,"featured_media":0,"parent":0,"menu_order":0,"comment_status":"closed","ping_status":"closed","template":"","meta":{"ngg_post_thumbnail":0,"footnotes":""},"class_list":["post-3141","page","type-page","status-publish","hentry"],"_links":{"self":[{"href":"https:\/\/uszatek.waw.pl\/index.php?rest_route=\/wp\/v2\/pages\/3141","targetHints":{"allow":["GET"]}}],"collection":[{"href":"https:\/\/uszatek.waw.pl\/index.php?rest_route=\/wp\/v2\/pages"}],"about":[{"href":"https:\/\/uszatek.waw.pl\/index.php?rest_route=\/wp\/v2\/types\/page"}],"author":[{"embeddable":true,"href":"https:\/\/uszatek.waw.pl\/index.php?rest_route=\/wp\/v2\/users\/1"}],"replies":[{"embeddable":true,"href":"https:\/\/uszatek.waw.pl\/index.php?rest_route=%2Fwp%2Fv2%2Fcomments&post=3141"}],"version-history":[{"count":1,"href":"https:\/\/uszatek.waw.pl\/index.php?rest_route=\/wp\/v2\/pages\/3141\/revisions"}],"predecessor-version":[{"id":3142,"href":"https:\/\/uszatek.waw.pl\/index.php?rest_route=\/wp\/v2\/pages\/3141\/revisions\/3142"}],"wp:attachment":[{"href":"https:\/\/uszatek.waw.pl\/index.php?rest_route=%2Fwp%2Fv2%2Fmedia&parent=3141"}],"curies":[{"name":"wp","href":"https:\/\/api.w.org\/{rel}","templated":true}]}}